{"id":29,"date":"2023-09-23T18:37:11","date_gmt":"2023-09-23T16:37:11","guid":{"rendered":"https:\/\/clemencedarde-psy.fr\/?page_id=29"},"modified":"2024-01-17T16:03:09","modified_gmt":"2024-01-17T15:03:09","slug":"accueil","status":"publish","type":"page","link":"https:\/\/clemencedarde-psy.fr\/","title":{"rendered":"Cl\u00e9mence Darde"},"content":{"rendered":"\n<div class=\"wp-block-columns alignwide is-layout-flex wp-container-core-columns-is-layout-28f84493 wp-block-columns-is-layout-flex\">\n<div class=\"wp-block-column is-layout-flow wp-block-column-is-layout-flow\">\n<div class=\"wp-block-group\"><div class=\"wp-block-group__inner-container is-layout-flow wp-block-group-is-layout-flow\">\n<div style=\"height:15px\" aria-hidden=\"true\" class=\"wp-block-spacer\"><\/div>\n\n\n\n<h3 class=\"wp-block-heading has-text-align-left\">Psychologue Clinicienne<\/h3>\n\n\n\n<p class=\"has-text-align-left has-normal-font-size\"><em>En cabinet et en t\u00e9l\u00e9consultation<\/em> &#8211; ADELI : 76 93 2182 9<\/p>\n\n\n\n<p class=\"has-text-align-left\">Dipl\u00f4m\u00e9e en psychologie clinique, je me suis sp\u00e9cialis\u00e9e en psychotraumatologie. <br>J&#8217;accueille tout public \u00e0 partir de 16ans (LGBTQIA+ bienvenu.es).<\/p>\n\n\n\n<div class=\"wp-block-columns are-vertically-aligned-center is-layout-flex wp-container-core-columns-is-layout-28f84493 wp-block-columns-is-layout-flex\">\n<div class=\"wp-block-column is-vertically-aligned-center is-layout-flow wp-block-column-is-layout-flow\" style=\"--col-width:100%;flex-basis:100%\">\n<div class=\"wp-block-button has-custom-width wp-block-button__width-75 has-custom-font-size is-style-outline has-h-5-font-size is-style-outline--1\"><a class=\"wp-block-button__link wp-element-button\" href=\"https:\/\/clemencedarde-psy.fr\/index.php\/mon-parcours\/\">Mon parcours<\/a><\/div>\n<\/div>\n<\/div>\n\n\n\n<div style=\"height:39px\" aria-hidden=\"true\" class=\"wp-block-spacer\"><\/div>\n\n\n\n<div class=\"wp-block-group\"><div class=\"wp-block-group__inner-container is-layout-flow wp-block-group-is-layout-flow\">\n<figure class=\"wp-block-image alignfull size-full\"><img loading=\"lazy\" decoding=\"async\" width=\"612\" height=\"612\" src=\"https:\/\/clemencedarde-psy.fr\/wp-content\/uploads\/2023\/09\/istockphoto-1369209701-612x612-1.png\" alt=\"\" class=\"wp-image-111\" style=\"aspect-ratio:1;object-fit:cover\" srcset=\"https:\/\/clemencedarde-psy.fr\/wp-content\/uploads\/2023\/09\/istockphoto-1369209701-612x612-1.png 612w, https:\/\/clemencedarde-psy.fr\/wp-content\/uploads\/2023\/09\/istockphoto-1369209701-612x612-1-300x300.png 300w, https:\/\/clemencedarde-psy.fr\/wp-content\/uploads\/2023\/09\/istockphoto-1369209701-612x612-1-150x150.png 150w\" sizes=\"auto, (max-width: 612px) 100vw, 612px\" \/><\/figure>\n<\/div><\/div>\n<\/div><\/div>\n<\/div>\n\n\n\n<div class=\"wp-block-column is-layout-flow wp-block-column-is-layout-flow\">\n<div class=\"wp-block-group\"><div class=\"wp-block-group__inner-container is-layout-flow wp-block-group-is-layout-flow\">\n<figure class=\"wp-block-image alignfull size-large\"><img loading=\"lazy\" decoding=\"async\" width=\"1024\" height=\"683\" src=\"https:\/\/clemencedarde-psy.fr\/wp-content\/uploads\/2023\/09\/063A5889-1024x683.jpg\" alt=\"\" class=\"wp-image-52\" srcset=\"https:\/\/clemencedarde-psy.fr\/wp-content\/uploads\/2023\/09\/063A5889-1024x683.jpg 1024w, https:\/\/clemencedarde-psy.fr\/wp-content\/uploads\/2023\/09\/063A5889-300x200.jpg 300w, https:\/\/clemencedarde-psy.fr\/wp-content\/uploads\/2023\/09\/063A5889-768x512.jpg 768w, https:\/\/clemencedarde-psy.fr\/wp-content\/uploads\/2023\/09\/063A5889-1536x1024.jpg 1536w, https:\/\/clemencedarde-psy.fr\/wp-content\/uploads\/2023\/09\/063A5889-2048x1365.jpg 2048w, https:\/\/clemencedarde-psy.fr\/wp-content\/uploads\/2023\/09\/063A5889-1200x800.jpg 1200w, https:\/\/clemencedarde-psy.fr\/wp-content\/uploads\/2023\/09\/063A5889-1980x1320.jpg 1980w\" sizes=\"auto, (max-width: 1024px) 100vw, 1024px\" \/><\/figure>\n\n\n\n<div style=\"height:14px\" aria-hidden=\"true\" class=\"wp-block-spacer\"><\/div>\n\n\n\n<h3 class=\"wp-block-heading has-text-align-left\">Les Th\u00e9rapies Propos\u00e9es<\/h3>\n\n\n\n<p class=\"has-text-align-left\">Pour toute difficult\u00e9 rencontr\u00e9e au cours de la vie, je vous accueille dans une approche humaniste et ai \u00e0 c\u0153ur de vous offrir une prise en charge adapt\u00e9e \u00e0 vos probl\u00e9matiques. Je propose notamment des th\u00e9rapies de soutien, des th\u00e9rapies ICV (Int\u00e9gration du Cycle de la Vie) ainsi que des th\u00e9rapies EMDR ( Eye Movement Desensitization and Reprocessing). Tous les accompagnements propos\u00e9s au cabinet sont r\u00e9alisables en t\u00e9l\u00e9consultation. <\/p>\n\n\n\n<p><\/p>\n\n\n\n<div class=\"wp-block-columns is-layout-flex wp-container-core-columns-is-layout-28f84493 wp-block-columns-is-layout-flex\">\n<div class=\"wp-block-column is-vertically-aligned-center is-layout-flow wp-block-column-is-layout-flow\" style=\"--col-width:100%;flex-basis:100%\">\n<div class=\"wp-block-button is-style-outline is-style-outline--2\"><a class=\"wp-block-button__link wp-element-button\" href=\"https:\/\/make.wordpress.org\/core\/2019\/09\/27\/block-editor-theme-related-updates-in-wordpress-5-3\/\">Les th\u00e9rapies propos\u00e9es<\/a><\/div>\n<\/div>\n<\/div>\n\n\n\n<p><\/p>\n\n\n\n<p><\/p>\n<\/div><\/div>\n<\/div>\n<\/div>\n\n\n\n<hr class=\"wp-block-separator has-alpha-channel-opacity tw-mb-2\"\/>\n\n\n\n<div class=\"wp-block-uagb-info-box uagb-block-d2548d3a uagb-infobox__content-wrap  uagb-infobox-icon-above-title uagb-infobox-image-valign-top\"><div class=\"uagb-ifb-content\"><div class=\"uagb-ifb-title-wrap\"><h3 class=\"uagb-ifb-title\">Infos pratiques<\/h3><\/div><p class=\"uagb-ifb-desc\"><strong>Suivi individuel (45min-1h) &#8211; Th\u00e9rapie TCC, EMDR et ICV<\/strong><br>Consultation en cabinet : <strong>65\u20ac<\/strong><br>T\u00e9l\u00e9consultation : <strong>65\u20ac<\/strong><br><br><em>Une tarification sp\u00e9cifique peut s&#8217;appliquer pour les patients dans des situation particuli\u00e8res (\u00e9tudiants, situations pr\u00e9caires, etc.).<\/em><br><\/p><\/div><\/div>\n\n\n\n<hr class=\"wp-block-separator has-alpha-channel-opacity tw-mt-0 tw-mb-2\"\/>\n\n\n\n<div class=\"wp-block-group alignwide has-secondary-color has-text-color\"><div class=\"wp-block-group__inner-container is-layout-flow wp-block-group-is-layout-flow\">\n<p><\/p>\n\n\n\n<h3 class=\"wp-block-heading has-text-align-center has-text-color\" style=\"color:#5b7d4c\">\u00ab\u00a0Ne pas s&#8217;emparer du cours de sa vie, c&#8217;est r\u00e9duire l&#8217;existence \u00e0 un simple accident.\u00a0\u00bb <\/h3>\n\n\n\n<p class=\"has-text-align-right tw-mb-1\">IRVIN YALOM<\/p>\n\n\n\n<p><\/p>\n<\/div><\/div>\n\n\n\n<hr class=\"wp-block-separator has-alpha-channel-opacity\"\/>\n\n\n\n<div class=\"wp-block-uagb-advanced-heading uagb-block-bbb6a954\"><h2 class=\"uagb-heading-text\">Contact<\/h2><\/div>\n\n\n<style id=\"wpforms-css-vars-root\">\n\t\t\t\t:root {\n\t\t\t\t\t--wpforms-field-border-radius: 3px;\n--wpforms-field-background-color: #ffffff;\n--wpforms-field-border-color: rgba( 0, 0, 0, 0.25 );\n--wpforms-field-text-color: rgba( 0, 0, 0, 0.7 );\n--wpforms-label-color: rgba( 0, 0, 0, 0.85 );\n--wpforms-label-sublabel-color: rgba( 0, 0, 0, 0.55 );\n--wpforms-label-error-color: #d63637;\n--wpforms-button-border-radius: 3px;\n--wpforms-button-background-color: #066aab;\n--wpforms-button-text-color: #ffffff;\n--wpforms-field-size-input-height: 43px;\n--wpforms-field-size-input-spacing: 15px;\n--wpforms-field-size-font-size: 16px;\n--wpforms-field-size-line-height: 19px;\n--wpforms-field-size-padding-h: 14px;\n--wpforms-field-size-checkbox-size: 16px;\n--wpforms-field-size-sublabel-spacing: 5px;\n--wpforms-field-size-icon-size: 1;\n--wpforms-label-size-font-size: 16px;\n--wpforms-label-size-line-height: 19px;\n--wpforms-label-size-sublabel-font-size: 14px;\n--wpforms-label-size-sublabel-line-height: 17px;\n--wpforms-button-size-font-size: 17px;\n--wpforms-button-size-height: 41px;\n--wpforms-button-size-padding-h: 15px;\n--wpforms-button-size-margin-top: 10px;\n\n\t\t\t\t}\n\t\t\t<\/style><div class=\"wpforms-container wpforms-container-full wpforms-block wpforms-block-e3633938-971f-46ad-a0b1-59d40c6a5207 wpforms-render-modern\" id=\"wpforms-92\"><form id=\"wpforms-form-92\" class=\"wpforms-validate wpforms-form wpforms-ajax-form\" data-formid=\"92\" method=\"post\" enctype=\"multipart\/form-data\" action=\"\/index.php\/wp-json\/wp\/v2\/pages\/29\" data-token=\"bb7c79dc7bf54da6b8a8179492189bdf\"><noscript class=\"wpforms-error-noscript\">Please enable JavaScript in your browser to complete this form.<\/noscript><div class=\"wpforms-hidden\" id=\"wpforms-error-noscript\">Please enable JavaScript in your browser to complete this form.<\/div><div class=\"wpforms-field-container\"><div id=\"wpforms-92-field_0-container\" class=\"wpforms-field wpforms-field-name\" data-field-id=\"0\"><fieldset><legend class=\"wpforms-field-label\">Nom <span class=\"wpforms-required-label\" aria-hidden=\"true\">*<\/span><\/legend><div class=\"wpforms-field-row wpforms-field-medium\"><div class=\"wpforms-field-row-block wpforms-first wpforms-one-half\"><input type=\"text\" id=\"wpforms-92-field_0\" class=\"wpforms-field-name-first wpforms-field-required\" name=\"wpforms[fields][0][first]\" aria-errormessage=\"wpforms-92-field_0-error\" required><label for=\"wpforms-92-field_0\" class=\"wpforms-field-sublabel after \">First<\/label><\/div><div class=\"wpforms-field-row-block wpforms-one-half\"><input type=\"text\" id=\"wpforms-92-field_0-last\" class=\"wpforms-field-name-last wpforms-field-required\" name=\"wpforms[fields][0][last]\" aria-errormessage=\"wpforms-92-field_0-last-error\" required><label for=\"wpforms-92-field_0-last\" class=\"wpforms-field-sublabel after \">Last<\/label><\/div><\/div><\/fieldset><\/div><div id=\"wpforms-92-field_1-container\" class=\"wpforms-field wpforms-field-email\" data-field-id=\"1\"><label class=\"wpforms-field-label\" for=\"wpforms-92-field_1\">E-mail <span class=\"wpforms-required-label\" aria-hidden=\"true\">*<\/span><\/label><input type=\"email\" id=\"wpforms-92-field_1\" class=\"wpforms-field-medium wpforms-field-required\" name=\"wpforms[fields][1]\" spellcheck=\"false\" aria-errormessage=\"wpforms-92-field_1-error\" required><\/div><div id=\"wpforms-92-field_2-container\" class=\"wpforms-field wpforms-field-textarea\" data-field-id=\"2\"><label class=\"wpforms-field-label\" for=\"wpforms-92-field_2\">Commentaire ou message<\/label><textarea id=\"wpforms-92-field_2\" class=\"wpforms-field-medium\" name=\"wpforms[fields][2]\" aria-errormessage=\"wpforms-92-field_2-error\" ><\/textarea><\/div><\/div><!-- .wpforms-field-container --><div class=\"wpforms-submit-container\" ><input type=\"hidden\" name=\"wpforms[id]\" value=\"92\"><input type=\"hidden\" name=\"wpforms[author]\" value=\"1\"><button type=\"submit\" name=\"wpforms[submit]\" id=\"wpforms-submit-92\" class=\"wpforms-submit\" data-alt-text=\"Envoi...\" data-submit-text=\"Envoyer\" aria-live=\"assertive\" value=\"wpforms-submit\">Envoyer<\/button><img loading=\"lazy\" decoding=\"async\" src=\"https:\/\/clemencedarde-psy.fr\/wp-content\/plugins\/wpforms-lite\/assets\/images\/submit-spin.svg\" class=\"wpforms-submit-spinner\" style=\"display: none;\" width=\"26\" height=\"26\" alt=\"Loading\"><\/div><\/form><\/div>  <!-- .wpforms-container -->","protected":false},"excerpt":{"rendered":"<p>Psychologue Clinicienne En cabinet et en t\u00e9l\u00e9consultation &#8211; ADELI : 76 93 2182 9 Dipl\u00f4m\u00e9e en psychologie clinique, je me suis sp\u00e9cialis\u00e9e en psychotraumatologie. J&#8217;accueille tout public \u00e0 partir de 16ans (LGBTQIA+ bienvenu.es). Les Th\u00e9rapies Propos\u00e9es Pour toute difficult\u00e9 rencontr\u00e9e au cours de la vie, je vous accueille dans une approche humaniste et ai \u00e0&hellip;<\/p>\n","protected":false},"author":1,"featured_media":0,"parent":0,"menu_order":0,"comment_status":"closed","ping_status":"closed","template":"","meta":{"_uag_custom_page_level_css":"","_monsterinsights_skip_tracking":false,"_monsterinsights_sitenote_active":false,"_monsterinsights_sitenote_note":"","_monsterinsights_sitenote_category":0,"footnotes":""},"class_list":["post-29","page","type-page","status-publish","hentry"],"yoast_head":"<!-- This site is optimized with the Yoast SEO plugin v21.4 - https:\/\/yoast.com\/wordpress\/plugins\/seo\/ -->\n<title>Cl\u00e9mence Darde - Cl\u00e9mence Darde Psychologue Clinicienne<\/title>\n<meta name=\"description\" content=\"Psychologue clinicienne sp\u00e9cialis\u00e9e en psychotraumatologie (Th\u00e9rapie EMDR et ICV). Exercice en cabinet \u00e0 Rouen et en t\u00e9l\u00e9consultation.\" \/>\n<meta name=\"robots\" content=\"index, follow, max-snippet:-1, max-image-preview:large, max-video-preview:-1\" \/>\n<link rel=\"canonical\" href=\"https:\/\/clemencedarde-psy.fr\/\" \/>\n<meta property=\"og:locale\" content=\"en_US\" \/>\n<meta property=\"og:type\" content=\"article\" \/>\n<meta property=\"og:title\" content=\"Cl\u00e9mence Darde - Cl\u00e9mence Darde Psychologue Clinicienne\" \/>\n<meta property=\"og:description\" content=\"Psychologue clinicienne sp\u00e9cialis\u00e9e en psychotraumatologie (Th\u00e9rapie EMDR et ICV). Exercice en cabinet \u00e0 Rouen et en t\u00e9l\u00e9consultation.\" \/>\n<meta property=\"og:url\" content=\"https:\/\/clemencedarde-psy.fr\/\" \/>\n<meta property=\"og:site_name\" content=\"Cl\u00e9mence Darde Psychologue Clinicienne\" \/>\n<meta property=\"article:modified_time\" content=\"2024-01-17T15:03:09+00:00\" \/>\n<meta property=\"og:image\" content=\"https:\/\/clemencedarde-psy.fr\/wp-content\/uploads\/2023\/09\/istockphoto-1369209701-612x612-1.png\" \/>\n<meta name=\"twitter:card\" content=\"summary_large_image\" \/>\n<meta name=\"twitter:label1\" content=\"Est. reading time\" \/>\n\t<meta name=\"twitter:data1\" content=\"2 minutes\" \/>\n<script type=\"application\/ld+json\" class=\"yoast-schema-graph\">{\"@context\":\"https:\/\/schema.org\",\"@graph\":[{\"@type\":\"WebPage\",\"@id\":\"https:\/\/clemencedarde-psy.fr\/\",\"url\":\"https:\/\/clemencedarde-psy.fr\/\",\"name\":\"Cl\u00e9mence Darde - Cl\u00e9mence Darde Psychologue Clinicienne\",\"isPartOf\":{\"@id\":\"https:\/\/clemencedarde-psy.fr\/#website\"},\"datePublished\":\"2023-09-23T16:37:11+00:00\",\"dateModified\":\"2024-01-17T15:03:09+00:00\",\"description\":\"Psychologue clinicienne sp\u00e9cialis\u00e9e en psychotraumatologie (Th\u00e9rapie EMDR et ICV). Exercice en cabinet \u00e0 Rouen et en t\u00e9l\u00e9consultation.\",\"breadcrumb\":{\"@id\":\"https:\/\/clemencedarde-psy.fr\/#breadcrumb\"},\"inLanguage\":\"en-US\",\"potentialAction\":[{\"@type\":\"ReadAction\",\"target\":[\"https:\/\/clemencedarde-psy.fr\/\"]}]},{\"@type\":\"BreadcrumbList\",\"@id\":\"https:\/\/clemencedarde-psy.fr\/#breadcrumb\",\"itemListElement\":[{\"@type\":\"ListItem\",\"position\":1,\"name\":\"Accueil\",\"item\":\"https:\/\/clemencedarde-psy.fr\/\"},{\"@type\":\"ListItem\",\"position\":2,\"name\":\"Cl\u00e9mence Darde\"}]},{\"@type\":\"WebSite\",\"@id\":\"https:\/\/clemencedarde-psy.fr\/#website\",\"url\":\"https:\/\/clemencedarde-psy.fr\/\",\"name\":\"Cl\u00e9mence Darde Psychologue Clinicienne\",\"description\":\"Cl\u00e9mence Darde Psychologue Clinicienne\",\"publisher\":{\"@id\":\"https:\/\/clemencedarde-psy.fr\/#\/schema\/person\/66e9a47ba1ae3fed58f16ccbea97b33a\"},\"potentialAction\":[{\"@type\":\"SearchAction\",\"target\":{\"@type\":\"EntryPoint\",\"urlTemplate\":\"https:\/\/clemencedarde-psy.fr\/?s={search_term_string}\"},\"query-input\":\"required name=search_term_string\"}],\"inLanguage\":\"en-US\"},{\"@type\":[\"Person\",\"Organization\"],\"@id\":\"https:\/\/clemencedarde-psy.fr\/#\/schema\/person\/66e9a47ba1ae3fed58f16ccbea97b33a\",\"name\":\"admin4183\",\"image\":{\"@type\":\"ImageObject\",\"inLanguage\":\"en-US\",\"@id\":\"https:\/\/clemencedarde-psy.fr\/#\/schema\/person\/image\/\",\"url\":\"https:\/\/clemencedarde-psy.fr\/wp-content\/uploads\/2023\/09\/cropped-gignkgo2.png\",\"contentUrl\":\"https:\/\/clemencedarde-psy.fr\/wp-content\/uploads\/2023\/09\/cropped-gignkgo2.png\",\"width\":375,\"height\":378,\"caption\":\"admin4183\"},\"logo\":{\"@id\":\"https:\/\/clemencedarde-psy.fr\/#\/schema\/person\/image\/\"},\"sameAs\":[\"http:\/\/clemencedarde-psy.fr\"]}]}<\/script>\n<!-- \/ Yoast SEO plugin. -->","yoast_head_json":{"title":"Cl\u00e9mence Darde - Cl\u00e9mence Darde Psychologue Clinicienne","description":"Psychologue clinicienne sp\u00e9cialis\u00e9e en psychotraumatologie (Th\u00e9rapie EMDR et ICV). Exercice en cabinet \u00e0 Rouen et en t\u00e9l\u00e9consultation.","robots":{"index":"index","follow":"follow","max-snippet":"max-snippet:-1","max-image-preview":"max-image-preview:large","max-video-preview":"max-video-preview:-1"},"canonical":"https:\/\/clemencedarde-psy.fr\/","og_locale":"en_US","og_type":"article","og_title":"Cl\u00e9mence Darde - Cl\u00e9mence Darde Psychologue Clinicienne","og_description":"Psychologue clinicienne sp\u00e9cialis\u00e9e en psychotraumatologie (Th\u00e9rapie EMDR et ICV). Exercice en cabinet \u00e0 Rouen et en t\u00e9l\u00e9consultation.","og_url":"https:\/\/clemencedarde-psy.fr\/","og_site_name":"Cl\u00e9mence Darde Psychologue Clinicienne","article_modified_time":"2024-01-17T15:03:09+00:00","og_image":[{"url":"https:\/\/clemencedarde-psy.fr\/wp-content\/uploads\/2023\/09\/istockphoto-1369209701-612x612-1.png"}],"twitter_card":"summary_large_image","twitter_misc":{"Est. reading time":"2 minutes"},"schema":{"@context":"https:\/\/schema.org","@graph":[{"@type":"WebPage","@id":"https:\/\/clemencedarde-psy.fr\/","url":"https:\/\/clemencedarde-psy.fr\/","name":"Cl\u00e9mence Darde - Cl\u00e9mence Darde Psychologue Clinicienne","isPartOf":{"@id":"https:\/\/clemencedarde-psy.fr\/#website"},"datePublished":"2023-09-23T16:37:11+00:00","dateModified":"2024-01-17T15:03:09+00:00","description":"Psychologue clinicienne sp\u00e9cialis\u00e9e en psychotraumatologie (Th\u00e9rapie EMDR et ICV). Exercice en cabinet \u00e0 Rouen et en t\u00e9l\u00e9consultation.","breadcrumb":{"@id":"https:\/\/clemencedarde-psy.fr\/#breadcrumb"},"inLanguage":"en-US","potentialAction":[{"@type":"ReadAction","target":["https:\/\/clemencedarde-psy.fr\/"]}]},{"@type":"BreadcrumbList","@id":"https:\/\/clemencedarde-psy.fr\/#breadcrumb","itemListElement":[{"@type":"ListItem","position":1,"name":"Accueil","item":"https:\/\/clemencedarde-psy.fr\/"},{"@type":"ListItem","position":2,"name":"Cl\u00e9mence Darde"}]},{"@type":"WebSite","@id":"https:\/\/clemencedarde-psy.fr\/#website","url":"https:\/\/clemencedarde-psy.fr\/","name":"Cl\u00e9mence Darde Psychologue Clinicienne","description":"Cl\u00e9mence Darde Psychologue Clinicienne","publisher":{"@id":"https:\/\/clemencedarde-psy.fr\/#\/schema\/person\/66e9a47ba1ae3fed58f16ccbea97b33a"},"potentialAction":[{"@type":"SearchAction","target":{"@type":"EntryPoint","urlTemplate":"https:\/\/clemencedarde-psy.fr\/?s={search_term_string}"},"query-input":"required name=search_term_string"}],"inLanguage":"en-US"},{"@type":["Person","Organization"],"@id":"https:\/\/clemencedarde-psy.fr\/#\/schema\/person\/66e9a47ba1ae3fed58f16ccbea97b33a","name":"admin4183","image":{"@type":"ImageObject","inLanguage":"en-US","@id":"https:\/\/clemencedarde-psy.fr\/#\/schema\/person\/image\/","url":"https:\/\/clemencedarde-psy.fr\/wp-content\/uploads\/2023\/09\/cropped-gignkgo2.png","contentUrl":"https:\/\/clemencedarde-psy.fr\/wp-content\/uploads\/2023\/09\/cropped-gignkgo2.png","width":375,"height":378,"caption":"admin4183"},"logo":{"@id":"https:\/\/clemencedarde-psy.fr\/#\/schema\/person\/image\/"},"sameAs":["http:\/\/clemencedarde-psy.fr"]}]}},"uagb_featured_image_src":{"full":false,"thumbnail":false,"medium":false,"medium_large":false,"large":false,"1536x1536":false,"2048x2048":false,"post-thumbnail":false,"twentytwenty-fullscreen":false},"uagb_author_info":{"display_name":"admin4183","author_link":"https:\/\/clemencedarde-psy.fr\/index.php\/author\/admin4183\/"},"uagb_comment_info":0,"uagb_excerpt":"Psychologue Clinicienne En cabinet et en t\u00e9l\u00e9consultation &#8211; ADELI : 76 93 2182 9 Dipl\u00f4m\u00e9e en psychologie clinique, je me suis sp\u00e9cialis\u00e9e en psychotraumatologie. J&#8217;accueille tout public \u00e0 partir de 16ans (LGBTQIA+ bienvenu.es). Les Th\u00e9rapies Propos\u00e9es Pour toute difficult\u00e9 rencontr\u00e9e au cours de la vie, je vous accueille dans une approche humaniste et ai \u00e0&hellip;","_links":{"self":[{"href":"https:\/\/clemencedarde-psy.fr\/index.php\/wp-json\/wp\/v2\/pages\/29","targetHints":{"allow":["GET"]}}],"collection":[{"href":"https:\/\/clemencedarde-psy.fr\/index.php\/wp-json\/wp\/v2\/pages"}],"about":[{"href":"https:\/\/clemencedarde-psy.fr\/index.php\/wp-json\/wp\/v2\/types\/page"}],"author":[{"embeddable":true,"href":"https:\/\/clemencedarde-psy.fr\/index.php\/wp-json\/wp\/v2\/users\/1"}],"replies":[{"embeddable":true,"href":"https:\/\/clemencedarde-psy.fr\/index.php\/wp-json\/wp\/v2\/comments?post=29"}],"version-history":[{"count":76,"href":"https:\/\/clemencedarde-psy.fr\/index.php\/wp-json\/wp\/v2\/pages\/29\/revisions"}],"predecessor-version":[{"id":186,"href":"https:\/\/clemencedarde-psy.fr\/index.php\/wp-json\/wp\/v2\/pages\/29\/revisions\/186"}],"wp:attachment":[{"href":"https:\/\/clemencedarde-psy.fr\/index.php\/wp-json\/wp\/v2\/media?parent=29"}],"curies":[{"name":"wp","href":"https:\/\/api.w.org\/{rel}","templated":true}]}}